{"id":495,"date":"2015-03-16T16:30:48","date_gmt":"2015-03-16T15:30:48","guid":{"rendered":"http:\/\/prev-ir.fr\/?page_id=495"},"modified":"2023-07-24T15:29:06","modified_gmt":"2023-07-24T13:29:06","slug":"les-chantiers-educatifs","status":"publish","type":"page","link":"https:\/\/prev-ir.fr\/?page_id=495","title":{"rendered":"Chantiers \u00e9ducatifs"},"content":{"rendered":"\n<p style=\"font-size:23px\"><\/p>\n\n\n\n<p style=\"text-align: justify;\"><strong><u>les chantiers \u00e9ducatifs <\/u><\/strong>proposent un lieu privil\u00e9gi\u00e9 d\u2019acquisition des codes sociaux et professionnels.<\/p>\n<p>Etape singuli\u00e8re dans le parcours d\u2019accompagnement \u00e9ducatif, la dynamique des chantiers vise \u00e0 susciter chez le jeune, le d\u00e9sir de s\u2019inscrire ou se r\u00e9inscrire dans une d\u00e9marche de projet d\u2019insertion.&nbsp; &nbsp; &nbsp; &nbsp; &nbsp; &nbsp; &nbsp; &nbsp; &nbsp; &nbsp; &nbsp; &nbsp;<\/p>\n<p><strong>&nbsp; &nbsp; &nbsp; &nbsp; &nbsp; &nbsp; &nbsp; &nbsp; &nbsp; &nbsp; &nbsp; &nbsp; &nbsp; &nbsp;<u>Une r\u00e9ponse aux besoins des jeunes<\/u><\/strong><\/p>\n<ul>\n<li><strong>Avoir une place<\/strong><\/li>\n<li>Remobilisation par un activit\u00e9 qui propose une place, une inscription sociale<\/li>\n<li>Inscription dans une dynamique de travail (rapport au temps, \u00e0 la r\u00e8gle, au droit)<\/li>\n<li>Valorisation de l\u2019exp\u00e9rience et reconnaissance de l\u2019environnement social<\/li>\n<li><strong>Se connaitre<\/strong><\/li>\n<li>Rep\u00e9rage et d\u00e9veloppement des comp\u00e9tences<\/li>\n<li>Rep\u00e9rage, explicitation et prise en compte des difficult\u00e9s<\/li>\n<li>Utilisation du chantier comme support \u00e0 l\u2019acquisition de savoir-\u00eatre et de savoir-faire<\/li>\n<li><strong>Se projeter<\/strong><\/li>\n<li>Prise en compte du parcours et formulation d\u2019un projet<\/li>\n<li>(R\u00e9)inscription dans des d\u00e9marches d\u2019insertion professionnelle, de formation<\/li>\n<li>(Re) mise en lien avec les institutions, services pour soutenir, accompagner les d\u00e9marches.<\/li>\n<\/ul>\n<p><strong>&nbsp; &nbsp; &nbsp; &nbsp; &nbsp; &nbsp; &nbsp; &nbsp; &nbsp; &nbsp; &nbsp; &nbsp; &nbsp; &nbsp; <u>Un Parcours propos\u00e9 aux jeunes <\/u><\/strong><\/p>\n<p style=\"text-align: justify;\"><strong>La demande de participation au chantier<\/strong> : Les \u00e9quipes \u00e9ducatives travaillent avec le jeune le projet de mise en chantier, qu\u2019ils formalisent ensuite ensemble par un dossier d\u2019inscription et d&rsquo;accompagnement. Cet outil rend compte de la situation administrative et sociale du jeune, de son parcours, et le cas \u00e9ch\u00e9ant, de son projet \u00e0 la date de sa premi\u00e8re demande de chantier. Rempli conjointement par l\u2019\u00e9quipe \u00e9ducative et le jeune, y figurent les objectifs explicites du jeune, et les objectifs implicites de l\u2019\u00e9quipe \u00e9ducative.<\/p>\n<p style=\"text-align: justify;\">Afin d\u2019accueillir le jeune et son projet dans les meilleures conditions, le positionnement est pens\u00e9 \u00e0 la crois\u00e9e de la situation de chaque jeune, des attentes \u00e9ducatives, mais aussi de la r\u00e9alit\u00e9 technique des chantiers \u00e0 r\u00e9aliser.<\/p>\n<p style=\"text-align: justify;\"><strong>La signature du contrat&nbsp;: <\/strong>La signature du contrat de travail des jeunes marque leur entr\u00e9e sur les chantiers permanents. Il formalise le cadre des chantiers pour le jeune et institue le rapport au travail (r\u00e8glement, salaire\u2026). Cette contractualisation engage le p\u00f4le technique et le jeune, et doit faire l\u2019objet d\u2019une rencontre sp\u00e9cifique.<\/p>\n<p style=\"text-align: justify;\">Lorsque les \u00e9quipes sont constitu\u00e9es, et apr\u00e8s en avoir inform\u00e9 les \u00e9quipes \u00e9ducatives, la cheffe de service contacte directement les jeunes pour convenir d\u2019un rendez-vous la semaine pr\u00e9c\u00e8dent leur entr\u00e9e sur les chantiers. La pr\u00e9sence des \u00e9ducateurs est laiss\u00e9e \u00e0 leur appr\u00e9ciation.<\/p>\n<p>En plus-value \u00e0 la signature du contrat de travail, dans ce temps sont repris avec le jeune les \u00e9l\u00e9ments de son dossier, \u00e0 partir desquels est d\u00e9fini un contrat d\u2019objectif pour la p\u00e9riode de chantier. Inscrit sur la feuille de suivi<a href=\"#_ftn1\" name=\"_ftnref1\"><sup>[1]<\/sup><\/a>, il formalise les axes de travail pour l\u2019\u00e9ducateur technique.<\/p>\n<p>&nbsp;<\/p>\n<p style=\"text-align: justify;\"><strong>Le bilan<\/strong> : En fin de p\u00e9riode, chaque jeune b\u00e9n\u00e9ficie d&rsquo;un bilan individuel, en pr\u00e9sence de l\u2019\u00e9ducateur technique et de son \u00e9ducateur, afin de mettre en perspective le parcours et l\u2019accompagnement \u00e9ducatif du jeune. Ce bilan fait l&rsquo;objet d&rsquo;un \u00e9crit, afin de pouvoir travailler pour chaque jeune son \u00e9volution. Temps privil\u00e9gi\u00e9s, ils sont l\u2019occasion de cr\u00e9er du lien pour et autour du jeune, entre professionnels. C\u2019est \u00e0 partir d\u2019une prise en compte de l\u2019individu, de la mise en valeur de son potentiel et d\u2019un \u00e9change autour de ses points de fragilit\u00e9, que ce bilan devient un r\u00e9el point d\u2019appui pour le jeune dans la construction de son parcours.<\/p>\n<p style=\"text-align: justify;\">A l\u2019articulation des espaces technique et \u00e9ducatif, ces temps permettent de travailler avec chaque jeune son \u00e9volution sur les chantiers d\u2019une p\u00e9riode \u00e0 l\u2019autre, et assurent la coh\u00e9rence et la continuit\u00e9 de l\u2019accompagnement par les \u00e9quipes en lien avec les partenaires.<\/p>\n<p>&nbsp;<\/p>\n<p><strong><u>La pratique des professionnels<\/u><\/strong><\/p>\n<p>Les modalit\u00e9s g\u00e9n\u00e9rales d\u2019accompagnement sur les chantiers \u00e9ducatifs permanents visent \u00e0&nbsp;:&nbsp;<\/p>\n<p>&nbsp;&nbsp;&nbsp;&nbsp;&nbsp;&nbsp;&nbsp;&nbsp; &#8211; Mobiliser et inscrire le jeune dans une dynamique de travail,<\/p>\n<p>&nbsp;&nbsp;&nbsp;&nbsp;&nbsp;&nbsp;&nbsp;&nbsp; &#8211; Travailler \u00e0 partir des comp\u00e9tences et sur les difficult\u00e9s,<\/p>\n<p>&nbsp;&nbsp;&nbsp; &nbsp;&nbsp;&nbsp;&nbsp; &#8211; Permettre l&rsquo;acquisition de savoir \u00eatre et de savoir-faire,<\/p>\n<p>&nbsp;&nbsp;&nbsp;&nbsp;&nbsp;&nbsp;&nbsp;&nbsp; &#8211; Mettre en mouvement par rapport \u00e0 des projets d\u2019avenir.<\/p>\n<p>Au quotidien, le travail des \u00e9ducateurs technique s\u2019articule autour de :<\/p>\n<ul>\n<li>La dimension technique et \u00e9ducative<\/li>\n<li>La dimension du groupe et celle de l\u2019individu<\/li>\n<\/ul>\n<p>&nbsp;<\/p>\n<table width=\"661\">\n<tbody>\n<tr>\n<td width=\"141\">\n<p><strong>Proposer au jeune un espace s\u00e9curisant et valorisant<\/strong><\/p>\n<p><strong>&nbsp;<\/strong><\/p>\n<\/td>\n<td width=\"520\">\n<p>&#8211;&nbsp;&nbsp;&nbsp;&nbsp;&nbsp;&nbsp;&nbsp; Accueillir le jeune l\u00e0 o\u00f9 il en est, de mani\u00e8re bienveillante<\/p>\n<p>&#8211;&nbsp;&nbsp;&nbsp;&nbsp;&nbsp;&nbsp;&nbsp; Porter une attention individuelle \u00e0 chaque jeune<\/p>\n<p>&#8211;&nbsp;&nbsp;&nbsp;&nbsp;&nbsp;&nbsp;&nbsp; Initier et accompagner le jeune dans le travail<\/p>\n<p>&#8211;&nbsp;&nbsp;&nbsp;&nbsp;&nbsp;&nbsp;&nbsp; Cr\u00e9er les conditions pour qu\u2019il soit en confiance, et prenne de l\u2019assurance dans son travail<\/p>\n<p>&#8211;&nbsp;&nbsp;&nbsp;&nbsp;&nbsp;&nbsp;&nbsp; Rep\u00e9rer et valoriser ses comp\u00e9tences et ses aptitudes<\/p>\n<\/td>\n<\/tr>\n<tr>\n<td width=\"141\">\n<p><strong>Permettre au jeune de se confronter \u00e0 la r\u00e9alit\u00e9<\/strong><\/p>\n<\/td>\n<td width=\"520\">\n<p>&#8211;&nbsp;&nbsp;&nbsp;&nbsp;&nbsp;&nbsp;&nbsp; Tenir les limites du cadre de travail<\/p>\n<p>&#8211;&nbsp;&nbsp;&nbsp;&nbsp;&nbsp;&nbsp;&nbsp; Verbaliser avec le jeune ses difficult\u00e9s, ses propres limites<\/p>\n<p>&#8211;&nbsp;&nbsp;&nbsp;&nbsp;&nbsp;&nbsp;&nbsp; Accompagner le jeune dans ses difficult\u00e9s<\/p>\n<p>&#8211;&nbsp;&nbsp;&nbsp;&nbsp;&nbsp;&nbsp;&nbsp; Adapter le travail, les exigences<\/p>\n<p>&#8211;&nbsp;&nbsp;&nbsp;&nbsp;&nbsp;&nbsp;&nbsp; Donner des rep\u00e8res pour ne pas leurrer le jeune<\/p>\n<\/td>\n<\/tr>\n<tr>\n<td width=\"141\">\n<p><strong>&nbsp;<\/strong><\/p>\n<p><strong>Avoir des attentes pour le jeune<\/strong><\/p>\n<p><strong>&nbsp;<\/strong><\/p>\n<\/td>\n<td width=\"520\">\n<p>&#8211;&nbsp;&nbsp;&nbsp;&nbsp;&nbsp;&nbsp;&nbsp; Mobiliser le jeune \u00e0 porter un int\u00e9r\u00eat et \u00e0 progresser dans son comportement, dans son travail<\/p>\n<p>&#8211;&nbsp;&nbsp;&nbsp;&nbsp;&nbsp;&nbsp;&nbsp; Fixer des objectifs, des axes de progression<\/p>\n<p>&#8211;&nbsp;&nbsp;&nbsp;&nbsp;&nbsp;&nbsp;&nbsp; Organiser le travail de mani\u00e8re qu\u2019il soit formateur<\/p>\n<p>&#8211;&nbsp;&nbsp;&nbsp;&nbsp;&nbsp;&nbsp;&nbsp; Tenir des exigences<\/p>\n<p>&#8211;&nbsp;&nbsp;&nbsp;&nbsp;&nbsp;&nbsp;&nbsp; Accompagner le jeune dans sa progression&nbsp;: en le soutenant, en l\u2019encourageant, en le responsabilisant, en lui laissant le droit \u00e0 l\u2019erreur, en lui faisant confiance.<\/p>\n<\/td>\n<\/tr>\n<\/tbody>\n<\/table>\n<p>&nbsp;<\/p>\n<p><a href=\"#_ftnref1\" name=\"_ftn1\"><\/a>&nbsp;<\/p>\n","protected":false},"excerpt":{"rendered":"<p>les chantiers \u00e9ducatifs proposent un lieu privil\u00e9gi\u00e9 d\u2019acquisition des codes sociaux et professionnels. Etape singuli\u00e8re dans le parcours d\u2019accompagnement \u00e9ducatif, la dynamique des chantiers vise \u00e0 susciter chez le jeune, le d\u00e9sir de s\u2019inscrire ou se r\u00e9inscrire dans une d\u00e9marche&hellip;&nbsp;<a href=\"https:\/\/prev-ir.fr\/?page_id=495\" class=\"more-link\">Lire la suite<\/a><\/p>\n","protected":false},"author":2,"featured_media":0,"parent":0,"menu_order":23,"comment_status":"closed","ping_status":"closed","template":"","meta":{"ngg_post_thumbnail":0,"footnotes":""},"class_list":["post-495","page","type-page","status-publish","hentry"],"jetpack_shortlink":"https:\/\/wp.me\/P5BzG1-7Z","jetpack_sharing_enabled":true,"_links":{"self":[{"href":"https:\/\/prev-ir.fr\/index.php?rest_route=\/wp\/v2\/pages\/495","targetHints":{"allow":["GET"]}}],"collection":[{"href":"https:\/\/prev-ir.fr\/index.php?rest_route=\/wp\/v2\/pages"}],"about":[{"href":"https:\/\/prev-ir.fr\/index.php?rest_route=\/wp\/v2\/types\/page"}],"author":[{"embeddable":true,"href":"https:\/\/prev-ir.fr\/index.php?rest_route=\/wp\/v2\/users\/2"}],"replies":[{"embeddable":true,"href":"https:\/\/prev-ir.fr\/index.php?rest_route=%2Fwp%2Fv2%2Fcomments&post=495"}],"version-history":[{"count":11,"href":"https:\/\/prev-ir.fr\/index.php?rest_route=\/wp\/v2\/pages\/495\/revisions"}],"predecessor-version":[{"id":2138,"href":"https:\/\/prev-ir.fr\/index.php?rest_route=\/wp\/v2\/pages\/495\/revisions\/2138"}],"wp:attachment":[{"href":"https:\/\/prev-ir.fr\/index.php?rest_route=%2Fwp%2Fv2%2Fmedia&parent=495"}],"curies":[{"name":"wp","href":"https:\/\/api.w.org\/{rel}","templated":true}]}}